{"id":472,"date":"2023-05-03T14:37:37","date_gmt":"2023-05-03T12:37:37","guid":{"rendered":"https:\/\/www.paraisocamper.com\/?page_id=472"},"modified":"2024-11-12T18:54:50","modified_gmt":"2024-11-12T17:54:50","slug":"camper-area","status":"publish","type":"page","link":"https:\/\/www.paraisocamper.com\/de\/camper-area\/","title":{"rendered":"Unser Stellplatz"},"content":{"rendered":"<div data-elementor-type=\"wp-page\" data-elementor-id=\"472\" class=\"elementor elementor-472\" data-elementor-post-type=\"page\">\n\t\t\t\t\t\t<section class=\"elementor-section elementor-top-section elementor-element elementor-element-3c3d0d3f elementor-section-full_width elementor-section-height-default elementor-section-height-default\" data-id=\"3c3d0d3f\" data-element_type=\"section\" data-e-type=\"section\" data-settings=\"{&quot;background_background&quot;:&quot;classic&quot;}\">\n\t\t\t\t\t\t\t<div class=\"elementor-background-overlay\"><\/div>\n\t\t\t\t\t\t\t<div class=\"elementor-container elementor-column-gap-default\">\n\t\t\t\t\t<div class=\"elementor-column elementor-col-100 elementor-top-column elementor-element elementor-element-710961c8\" data-id=\"710961c8\" data-element_type=\"column\" data-e-type=\"column\" data-settings=\"{&quot;background_background&quot;:&quot;classic&quot;}\">\n\t\t\t<div class=\"elementor-widget-wrap elementor-element-populated\">\n\t\t\t\t\t\t<section class=\"elementor-section elementor-inner-section elementor-element elementor-element-1b8d035a elementor-section-boxed elementor-section-height-default elementor-section-height-default\" data-id=\"1b8d035a\" data-element_type=\"section\" data-e-type=\"section\">\n\t\t\t\t\t\t<div class=\"elementor-container elementor-column-gap-default\">\n\t\t\t\t\t<div class=\"elementor-column elementor-col-100 elementor-inner-column elementor-element elementor-element-33e7e064\" data-id=\"33e7e064\" data-element_type=\"column\" data-e-type=\"column\">\n\t\t\t<div class=\"elementor-widget-wrap elementor-element-populated\">\n\t\t\t\t\t\t<div class=\"elementor-element elementor-element-509be9a3 animated-slow elementor-view-default elementor-invisible elementor-widget elementor-widget-icon\" data-id=\"509be9a3\" data-element_type=\"widget\" data-e-type=\"widget\" data-settings=\"{&quot;_animation&quot;:&quot;zoomIn&quot;}\" data-widget_type=\"icon.default\">\n\t\t\t\t<div class=\"elementor-widget-container\">\n\t\t\t\t\t\t\t<div class=\"elementor-icon-wrapper\">\n\t\t\t<div class=\"elementor-icon\">\n\t\t\t<i aria-hidden=\"true\" class=\"icofont icofont-tree-alt\"><\/i>\t\t\t<\/div>\n\t\t<\/div>\n\t\t\t\t\t\t<\/div>\n\t\t\t\t<\/div>\n\t\t\t\t<div class=\"elementor-element elementor-element-1522959 elementor-invisible elementor-widget elementor-widget-heading\" data-id=\"1522959\" data-element_type=\"widget\" data-e-type=\"widget\" data-settings=\"{&quot;_animation&quot;:&quot;fadeInUp&quot;}\" data-widget_type=\"heading.default\">\n\t\t\t\t<div class=\"elementor-widget-container\">\n\t\t\t\t\t<h1 class=\"elementor-heading-title elementor-size-default\">Unser Stellplatz<\/h1>\t\t\t\t<\/div>\n\t\t\t\t<\/div>\n\t\t\t\t<div class=\"elementor-element elementor-element-6bbf3fec elementor-invisible elementor-widget elementor-widget-heading\" data-id=\"6bbf3fec\" data-element_type=\"widget\" data-e-type=\"widget\" data-settings=\"{&quot;_animation&quot;:&quot;fadeInDown&quot;}\" data-widget_type=\"heading.default\">\n\t\t\t\t<div class=\"elementor-widget-container\">\n\t\t\t\t\t<h2 class=\"elementor-heading-title elementor-size-default\">Ein privilegierter Wohnmobilstellplatz im Herzen der Costa Blanca<\/h2>\t\t\t\t<\/div>\n\t\t\t\t<\/div>\n\t\t\t\t\t<\/div>\n\t\t<\/div>\n\t\t\t\t\t<\/div>\n\t\t<\/section>\n\t\t\t\t\t<\/div>\n\t\t<\/div>\n\t\t\t\t\t<\/div>\n\t\t<\/section>\n\t\t\t\t<section class=\"elementor-section elementor-top-section elementor-element elementor-element-cbe0c29 elementor-section-content-middle elementor-reverse-mobile elementor-section-boxed elementor-section-height-default elementor-section-height-default\" data-id=\"cbe0c29\" data-element_type=\"section\" data-e-type=\"section\" data-settings=\"{&quot;background_background&quot;:&quot;classic&quot;}\">\n\t\t\t\t\t\t\t<div class=\"elementor-background-overlay\"><\/div>\n\t\t\t\t\t\t\t<div class=\"elementor-container elementor-column-gap-default\">\n\t\t\t\t\t<div class=\"elementor-column elementor-col-100 elementor-top-column elementor-element elementor-element-4d65fb7 elementor-invisible\" data-id=\"4d65fb7\" data-element_type=\"column\" data-e-type=\"column\" data-settings=\"{&quot;animation&quot;:&quot;fadeInRight&quot;}\">\n\t\t\t<div class=\"elementor-widget-wrap elementor-element-populated\">\n\t\t\t\t\t\t<div class=\"elementor-element elementor-element-800988e elementor-widget elementor-widget-heading\" data-id=\"800988e\" data-element_type=\"widget\" data-e-type=\"widget\" data-widget_type=\"heading.default\">\n\t\t\t\t<div class=\"elementor-widget-container\">\n\t\t\t\t\t<p class=\"elementor-heading-title elementor-size-default\">Unser Stellplatz<\/p>\t\t\t\t<\/div>\n\t\t\t\t<\/div>\n\t\t\t\t<div class=\"elementor-element elementor-element-879f8e9 elementor-widget elementor-widget-heading\" data-id=\"879f8e9\" data-element_type=\"widget\" data-e-type=\"widget\" data-widget_type=\"heading.default\">\n\t\t\t\t<div class=\"elementor-widget-container\">\n\t\t\t\t\t<h2 class=\"elementor-heading-title elementor-size-default\"><span style=\"color: #FBAD15\">Para\u00edso Camper<\/span> wurde am 7. Oktober 2011 eingeweiht<\/h2>\t\t\t\t<\/div>\n\t\t\t\t<\/div>\n\t\t\t\t<div class=\"elementor-element elementor-element-f1d927e elementor-widget elementor-widget-text-editor\" data-id=\"f1d927e\" data-element_type=\"widget\" data-e-type=\"widget\" data-widget_type=\"text-editor.default\">\n\t\t\t\t<div class=\"elementor-widget-container\">\n\t\t\t\t\t\t\t\t\t<p>In all diesen Jahren haben wir unvergessliche Erfahrungen mit mehr als <strong>20.000 Kunden<\/strong> und Freunde. Viele von ihnen begleiten uns weiterhin Jahr f\u00fcr Jahr bei diesem wunderbaren Abenteuer.<\/p>\t\t\t\t\t\t\t\t<\/div>\n\t\t\t\t<\/div>\n\t\t\t\t<div class=\"elementor-element elementor-element-dacaae9 elementor-widget elementor-widget-heading\" data-id=\"dacaae9\" data-element_type=\"widget\" data-e-type=\"widget\" data-widget_type=\"heading.default\">\n\t\t\t\t<div class=\"elementor-widget-container\">\n\t\t\t\t\t<h3 class=\"elementor-heading-title elementor-size-default\">Wir warten auf Sie!<\/h3>\t\t\t\t<\/div>\n\t\t\t\t<\/div>\n\t\t\t\t\t<\/div>\n\t\t<\/div>\n\t\t\t\t\t<\/div>\n\t\t<\/section>\n\t\t\t\t<section class=\"elementor-section elementor-top-section elementor-element elementor-element-09e87d9 elementor-section-content-middle elementor-section-boxed elementor-section-height-default elementor-section-height-default\" data-id=\"09e87d9\" data-element_type=\"section\" data-e-type=\"section\">\n\t\t\t\t\t\t<div class=\"elementor-container elementor-column-gap-default\">\n\t\t\t\t\t<div class=\"elementor-column elementor-col-50 elementor-top-column elementor-element elementor-element-0c0d971 elementor-invisible\" data-id=\"0c0d971\" data-element_type=\"column\" data-e-type=\"column\" data-settings=\"{&quot;animation&quot;:&quot;fadeInLeft&quot;}\">\n\t\t\t<div class=\"elementor-widget-wrap elementor-element-populated\">\n\t\t\t\t\t\t<div class=\"elementor-element elementor-element-5315637 elementor-widget elementor-widget-heading\" data-id=\"5315637\" data-element_type=\"widget\" data-e-type=\"widget\" data-widget_type=\"heading.default\">\n\t\t\t\t<div class=\"elementor-widget-container\">\n\t\t\t\t\t<p class=\"elementor-heading-title elementor-size-default\">Eigenschaften Stellplatz<\/p>\t\t\t\t<\/div>\n\t\t\t\t<\/div>\n\t\t\t\t<div class=\"elementor-element elementor-element-38bb54e elementor-widget elementor-widget-heading\" data-id=\"38bb54e\" data-element_type=\"widget\" data-e-type=\"widget\" data-widget_type=\"heading.default\">\n\t\t\t\t<div class=\"elementor-widget-container\">\n\t\t\t\t\t<h2 class=\"elementor-heading-title elementor-size-default\">Para\u00edso Camper verf\u00fcgt \u00fcber insgesamt 61 Stellpl\u00e4tze<\/h2>\t\t\t\t<\/div>\n\t\t\t\t<\/div>\n\t\t\t\t<div class=\"elementor-element elementor-element-71de721 elementor-widget elementor-widget-text-editor\" data-id=\"71de721\" data-element_type=\"widget\" data-e-type=\"widget\" data-widget_type=\"text-editor.default\">\n\t\t\t\t<div class=\"elementor-widget-container\">\n\t\t\t\t\t\t\t\t\t<p>Davon sind 47 Parzellen Standardparzellen (zwischen 40 und 50 m\u00b2) mit 10 Ampere Stromanschluss und 14 XL-Parzellen (\u00fcber 50 m\u00b2) mit 16 Ampere Stromanschluss. Der Stromverbrauch wird durch individuelle Z\u00e4hler kontrolliert.<\/p>\t\t\t\t\t\t\t\t<\/div>\n\t\t\t\t<\/div>\n\t\t\t\t<div class=\"elementor-element elementor-element-8893a09 elementor-widget elementor-widget-text-editor\" data-id=\"8893a09\" data-element_type=\"widget\" data-e-type=\"widget\" data-widget_type=\"text-editor.default\">\n\t\t\t\t<div class=\"elementor-widget-container\">\n\t\t\t\t\t\t\t\t\tWir haben Trinkwasserzapfstellen in fast allen Parzellen und auch auf dem gesamten Platz verteilt; 3 Entleerungsstellen f\u00fcr Grau- und Schwarzwasser; Sanit\u00e4ranlagen mit: Toiletten, Duschen mit warmem Wasser, Waschbecken mit warmem Wasser und Wickelstation f\u00fcr Babys; W\u00e4scherei mit: Waschmaschinen 10 Kg., Trockner 10 Kg., Waschbecken mit warmem Wasser, B\u00fcgelbrett und B\u00fcgeleisen und W\u00e4schest\u00e4nder.\t\t\t\t\t\t\t\t<\/div>\n\t\t\t\t<\/div>\n\t\t\t\t\t<\/div>\n\t\t<\/div>\n\t\t\t\t<div class=\"elementor-column elementor-col-50 elementor-top-column elementor-element elementor-element-01ac198\" data-id=\"01ac198\" data-element_type=\"column\" data-e-type=\"column\">\n\t\t\t<div class=\"elementor-widget-wrap elementor-element-populated\">\n\t\t\t\t\t\t<div class=\"elementor-element elementor-element-7efb399 elementor-invisible elementor-widget elementor-widget-image\" data-id=\"7efb399\" data-element_type=\"widget\" data-e-type=\"widget\" data-settings=\"{&quot;_animation&quot;:&quot;fadeIn&quot;,&quot;_animation_delay&quot;:200}\" data-widget_type=\"image.default\">\n\t\t\t\t<div class=\"elementor-widget-container\">\n\t\t\t\t\t\t\t\t\t\t\t\t\t\t\t<img fetchpriority=\"high\" decoding=\"async\" width=\"1969\" height=\"1313\" src=\"https:\/\/www.paraisocamper.com\/wp-content\/uploads\/parcelas-paraiso-camper.jpg\" class=\"attachment-full size-full wp-image-2202\" alt=\"parcelas paraiso camper\" srcset=\"https:\/\/www.paraisocamper.com\/wp-content\/uploads\/\/parcelas-paraiso-camper.jpg 1969w, https:\/\/www.paraisocamper.com\/wp-content\/uploads\/\/parcelas-paraiso-camper-300x200.jpg 300w, https:\/\/www.paraisocamper.com\/wp-content\/uploads\/\/parcelas-paraiso-camper-1024x683.jpg 1024w, https:\/\/www.paraisocamper.com\/wp-content\/uploads\/\/parcelas-paraiso-camper-768x512.jpg 768w, https:\/\/www.paraisocamper.com\/wp-content\/uploads\/\/parcelas-paraiso-camper-1536x1024.jpg 1536w, https:\/\/www.paraisocamper.com\/wp-content\/uploads\/\/parcelas-paraiso-camper-18x12.jpg 18w\" sizes=\"(max-width: 1969px) 100vw, 1969px\" \/>\t\t\t\t\t\t\t\t\t\t\t\t\t\t\t<\/div>\n\t\t\t\t<\/div>\n\t\t\t\t\t<\/div>\n\t\t<\/div>\n\t\t\t\t\t<\/div>\n\t\t<\/section>\n\t\t\t\t<section class=\"elementor-section elementor-top-section elementor-element elementor-element-d72ec65 elementor-section-content-middle elementor-reverse-mobile elementor-section-boxed elementor-section-height-default elementor-section-height-default\" data-id=\"d72ec65\" data-element_type=\"section\" data-e-type=\"section\" data-settings=\"{&quot;background_background&quot;:&quot;classic&quot;}\">\n\t\t\t\t\t\t\t<div class=\"elementor-background-overlay\"><\/div>\n\t\t\t\t\t\t\t<div class=\"elementor-container elementor-column-gap-default\">\n\t\t\t\t\t<div class=\"elementor-column elementor-col-50 elementor-top-column elementor-element elementor-element-5f71945 elementor-invisible\" data-id=\"5f71945\" data-element_type=\"column\" data-e-type=\"column\" data-settings=\"{&quot;animation&quot;:&quot;fadeInUp&quot;}\">\n\t\t\t<div class=\"elementor-widget-wrap elementor-element-populated\">\n\t\t\t\t\t\t<div class=\"elementor-element elementor-element-0e4c5f0 elementor-widget elementor-widget-image\" data-id=\"0e4c5f0\" data-element_type=\"widget\" data-e-type=\"widget\" data-widget_type=\"image.default\">\n\t\t\t\t<div class=\"elementor-widget-container\">\n\t\t\t\t\t\t\t\t\t\t\t\t\t\t\t<img decoding=\"async\" width=\"400\" height=\"400\" src=\"https:\/\/www.paraisocamper.com\/wp-content\/uploads\/ubicacion_paraiso-camper.jpg\" class=\"attachment-full size-full wp-image-491\" alt=\"ubicacion paraiso camper\" srcset=\"https:\/\/www.paraisocamper.com\/wp-content\/uploads\/ubicacion_paraiso-camper.jpg 400w, https:\/\/www.paraisocamper.com\/wp-content\/uploads\/ubicacion_paraiso-camper-300x300.jpg 300w, https:\/\/www.paraisocamper.com\/wp-content\/uploads\/ubicacion_paraiso-camper-150x150.jpg 150w\" sizes=\"(max-width: 400px) 100vw, 400px\" \/>\t\t\t\t\t\t\t\t\t\t\t\t\t\t\t<\/div>\n\t\t\t\t<\/div>\n\t\t\t\t\t<\/div>\n\t\t<\/div>\n\t\t\t\t<div class=\"elementor-column elementor-col-50 elementor-top-column elementor-element elementor-element-a292fbe elementor-invisible\" data-id=\"a292fbe\" data-element_type=\"column\" data-e-type=\"column\" data-settings=\"{&quot;animation&quot;:&quot;fadeInRight&quot;}\">\n\t\t\t<div class=\"elementor-widget-wrap elementor-element-populated\">\n\t\t\t\t\t\t<div class=\"elementor-element elementor-element-5ba497e elementor-widget elementor-widget-heading\" data-id=\"5ba497e\" data-element_type=\"widget\" data-e-type=\"widget\" data-widget_type=\"heading.default\">\n\t\t\t\t<div class=\"elementor-widget-container\">\n\t\t\t\t\t<p class=\"elementor-heading-title elementor-size-default\">Standort<\/p>\t\t\t\t<\/div>\n\t\t\t\t<\/div>\n\t\t\t\t<div class=\"elementor-element elementor-element-fc8f1e0 elementor-widget elementor-widget-heading\" data-id=\"fc8f1e0\" data-element_type=\"widget\" data-e-type=\"widget\" data-widget_type=\"heading.default\">\n\t\t\t\t<div class=\"elementor-widget-container\">\n\t\t\t\t\t<h2 class=\"elementor-heading-title elementor-size-default\">Er befindet sich in einer sehr ruhigen, sonnigen Gegend und bietet einen fantastischen Blick auf den Pe\u00f1\u00f3n de Ifach.<\/h2>\t\t\t\t<\/div>\n\t\t\t\t<\/div>\n\t\t\t\t<div class=\"elementor-element elementor-element-e1f918e elementor-widget elementor-widget-text-editor\" data-id=\"e1f918e\" data-element_type=\"widget\" data-e-type=\"widget\" data-widget_type=\"text-editor.default\">\n\t\t\t\t<div class=\"elementor-widget-container\">\n\t\t\t\t\t\t\t\t\t<p>Para\u00edso Camper befindet sich nur wenige Meter vom Naturgebiet Las Salinas von Calpe und nur 800 Meter von den fantastischen Str\u00e4nden von Calpe entfernt, wo Sie das sanfte Wasser und die Ruhe der Gegend genie\u00dfen k\u00f6nnen.\u00a0<\/p>\t\t\t\t\t\t\t\t<\/div>\n\t\t\t\t<\/div>\n\t\t\t\t<div class=\"elementor-element elementor-element-8a6c551 elementor-widget elementor-widget-text-editor\" data-id=\"8a6c551\" data-element_type=\"widget\" data-e-type=\"widget\" data-widget_type=\"text-editor.default\">\n\t\t\t\t<div class=\"elementor-widget-container\">\n\t\t\t\t\t\t\t\t\t<p>\u00a0Unser Wohnmobilstellplatz ist nur 250 m von einem Aldi-Supermarkt, 600 m von den Superm\u00e4rkten Mercadona und Lidl, 1.800 m vom Stadtzentrum von Calpe, 600 m von einer Bushaltestelle entfernt. Er ist in der N\u00e4he von Restaurants, Baum\u00e4rkten, Banken, Tier\u00e4rzten, der Kirche und allem, was Sie f\u00fcr Ihren Komfort ben\u00f6tigen.<\/p>\t\t\t\t\t\t\t\t<\/div>\n\t\t\t\t<\/div>\n\t\t\t\t<div class=\"elementor-element elementor-element-82e1d3d elementor-align-center elementor-widget elementor-widget-button\" data-id=\"82e1d3d\" data-element_type=\"widget\" data-e-type=\"widget\" data-widget_type=\"button.default\">\n\t\t\t\t<div class=\"elementor-widget-container\">\n\t\t\t\t\t\t\t\t\t<div class=\"elementor-button-wrapper\">\n\t\t\t\t\t<a class=\"elementor-button elementor-button-link elementor-size-sm\" href=\"https:\/\/www.paraisocamper.com\/wp-content\/uploads\/Plano-Servicios-Cercanos_Paraiso-Camper.jpg\" target=\"_blank\">\n\t\t\t\t\t\t<span class=\"elementor-button-content-wrapper\">\n\t\t\t\t\t\t<span class=\"elementor-button-icon\">\n\t\t\t\t<i aria-hidden=\"true\" class=\"far fa-eye\"><\/i>\t\t\t<\/span>\n\t\t\t\t\t\t\t\t\t<span class=\"elementor-button-text\">Siehe Stadtplan<\/span>\n\t\t\t\t\t<\/span>\n\t\t\t\t\t<\/a>\n\t\t\t\t<\/div>\n\t\t\t\t\t\t\t\t<\/div>\n\t\t\t\t<\/div>\n\t\t\t\t\t<\/div>\n\t\t<\/div>\n\t\t\t\t\t<\/div>\n\t\t<\/section>\n\t\t\t\t<section class=\"elementor-section elementor-top-section elementor-element elementor-element-60e624b elementor-section-content-middle elementor-section-boxed elementor-section-height-default elementor-section-height-default\" data-id=\"60e624b\" data-element_type=\"section\" data-e-type=\"section\">\n\t\t\t\t\t\t<div class=\"elementor-container elementor-column-gap-default\">\n\t\t\t\t\t<div class=\"elementor-column elementor-col-50 elementor-top-column elementor-element elementor-element-95da6e9 elementor-invisible\" data-id=\"95da6e9\" data-element_type=\"column\" data-e-type=\"column\" data-settings=\"{&quot;animation&quot;:&quot;fadeInLeft&quot;}\">\n\t\t\t<div class=\"elementor-widget-wrap elementor-element-populated\">\n\t\t\t\t\t\t<div class=\"elementor-element elementor-element-3e921b9 elementor-widget elementor-widget-heading\" data-id=\"3e921b9\" data-element_type=\"widget\" data-e-type=\"widget\" data-widget_type=\"heading.default\">\n\t\t\t\t<div class=\"elementor-widget-container\">\n\t\t\t\t\t<p class=\"elementor-heading-title elementor-size-default\">Unsere Rezeption<\/p>\t\t\t\t<\/div>\n\t\t\t\t<\/div>\n\t\t\t\t<div class=\"elementor-element elementor-element-ce8f88c elementor-widget elementor-widget-heading\" data-id=\"ce8f88c\" data-element_type=\"widget\" data-e-type=\"widget\" data-widget_type=\"heading.default\">\n\t\t\t\t<div class=\"elementor-widget-container\">\n\t\t\t\t\t<h2 class=\"elementor-heading-title elementor-size-default\">Das ganze Jahr \u00fcber ge\u00f6ffnet!<\/h2>\t\t\t\t<\/div>\n\t\t\t\t<\/div>\n\t\t\t\t<div class=\"elementor-element elementor-element-4800417 elementor-widget elementor-widget-text-editor\" data-id=\"4800417\" data-element_type=\"widget\" data-e-type=\"widget\" data-widget_type=\"text-editor.default\">\n\t\t\t\t<div class=\"elementor-widget-container\">\n\t\t\t\t\t\t\t\t\t<p>Unsere Rezeption ist <strong>365 Tage im Jahr<\/strong> ge\u00f6ffnet und 24 Stunden am Tag pers\u00f6nlich oder telefonisch erreichbar. Wir bedienen sie mehrsprachig, freundlich, und famili\u00e4r und helfen Ihnen gerne mit allem, was Sie brauchen, um Ihren Aufenthalt im Paraiso Camper so angenehm wie m\u00f6glich zu gestalten. Mehr als <strong>20.000 Kunden<\/strong> und Freunde haben unsere Einrichtungen seit 2011 genutzt.<\/p>\t\t\t\t\t\t\t\t<\/div>\n\t\t\t\t<\/div>\n\t\t\t\t\t<\/div>\n\t\t<\/div>\n\t\t\t\t<div class=\"elementor-column elementor-col-50 elementor-top-column elementor-element elementor-element-26fa44f\" data-id=\"26fa44f\" data-element_type=\"column\" data-e-type=\"column\">\n\t\t\t<div class=\"elementor-widget-wrap elementor-element-populated\">\n\t\t\t\t\t\t<div class=\"elementor-element elementor-element-180c665 elementor-invisible elementor-widget elementor-widget-image\" data-id=\"180c665\" data-element_type=\"widget\" data-e-type=\"widget\" data-settings=\"{&quot;_animation&quot;:&quot;fadeIn&quot;,&quot;_animation_delay&quot;:200}\" data-widget_type=\"image.default\">\n\t\t\t\t<div class=\"elementor-widget-container\">\n\t\t\t\t\t\t\t\t\t\t\t\t\t\t\t<img decoding=\"async\" width=\"1290\" height=\"860\" src=\"https:\/\/www.paraisocamper.com\/wp-content\/uploads\/paraiso-camper_recepcion.jpg\" class=\"attachment-full size-full wp-image-446\" alt=\"paraiso camper recepcion\" srcset=\"https:\/\/www.paraisocamper.com\/wp-content\/uploads\/paraiso-camper_recepcion.jpg 1290w, https:\/\/www.paraisocamper.com\/wp-content\/uploads\/paraiso-camper_recepcion-300x200.jpg 300w, https:\/\/www.paraisocamper.com\/wp-content\/uploads\/paraiso-camper_recepcion-1024x683.jpg 1024w, https:\/\/www.paraisocamper.com\/wp-content\/uploads\/paraiso-camper_recepcion-768x512.jpg 768w\" sizes=\"(max-width: 1290px) 100vw, 1290px\" \/>\t\t\t\t\t\t\t\t\t\t\t\t\t\t\t<\/div>\n\t\t\t\t<\/div>\n\t\t\t\t\t<\/div>\n\t\t<\/div>\n\t\t\t\t\t<\/div>\n\t\t<\/section>\n\t\t\t\t<section class=\"elementor-section elementor-top-section elementor-element elementor-element-780369c elementor-section-content-middle elementor-reverse-mobile elementor-section-boxed elementor-section-height-default elementor-section-height-default\" data-id=\"780369c\" data-element_type=\"section\" data-e-type=\"section\" data-settings=\"{&quot;background_background&quot;:&quot;classic&quot;}\">\n\t\t\t\t\t\t\t<div class=\"elementor-background-overlay\"><\/div>\n\t\t\t\t\t\t\t<div class=\"elementor-container elementor-column-gap-default\">\n\t\t\t\t\t<div class=\"elementor-column elementor-col-50 elementor-top-column elementor-element elementor-element-fc62d22 elementor-invisible\" data-id=\"fc62d22\" data-element_type=\"column\" data-e-type=\"column\" data-settings=\"{&quot;animation&quot;:&quot;fadeInUp&quot;}\">\n\t\t\t<div class=\"elementor-widget-wrap elementor-element-populated\">\n\t\t\t\t\t\t<div class=\"elementor-element elementor-element-d5f90ca elementor-widget elementor-widget-image\" data-id=\"d5f90ca\" data-element_type=\"widget\" data-e-type=\"widget\" data-widget_type=\"image.default\">\n\t\t\t\t<div class=\"elementor-widget-container\">\n\t\t\t\t\t\t\t\t\t\t\t\t\t\t\t<img loading=\"lazy\" decoding=\"async\" width=\"1290\" height=\"860\" src=\"https:\/\/www.paraisocamper.com\/wp-content\/uploads\/paraiso-camper_relax-al-sol.jpg\" class=\"attachment-full size-full wp-image-374\" alt=\"paraiso camper relax al sol\" srcset=\"https:\/\/www.paraisocamper.com\/wp-content\/uploads\/paraiso-camper_relax-al-sol.jpg 1290w, https:\/\/www.paraisocamper.com\/wp-content\/uploads\/paraiso-camper_relax-al-sol-300x200.jpg 300w, https:\/\/www.paraisocamper.com\/wp-content\/uploads\/paraiso-camper_relax-al-sol-1024x683.jpg 1024w, https:\/\/www.paraisocamper.com\/wp-content\/uploads\/paraiso-camper_relax-al-sol-768x512.jpg 768w\" sizes=\"(max-width: 1290px) 100vw, 1290px\" \/>\t\t\t\t\t\t\t\t\t\t\t\t\t\t\t<\/div>\n\t\t\t\t<\/div>\n\t\t\t\t\t<\/div>\n\t\t<\/div>\n\t\t\t\t<div class=\"elementor-column elementor-col-50 elementor-top-column elementor-element elementor-element-1bf2246 elementor-invisible\" data-id=\"1bf2246\" data-element_type=\"column\" data-e-type=\"column\" data-settings=\"{&quot;animation&quot;:&quot;fadeInRight&quot;}\">\n\t\t\t<div class=\"elementor-widget-wrap elementor-element-populated\">\n\t\t\t\t\t\t<div class=\"elementor-element elementor-element-53da613 elementor-widget elementor-widget-heading\" data-id=\"53da613\" data-element_type=\"widget\" data-e-type=\"widget\" data-widget_type=\"heading.default\">\n\t\t\t\t<div class=\"elementor-widget-container\">\n\t\t\t\t\t<p class=\"elementor-heading-title elementor-size-default\">Gesellschaftsregeln<\/p>\t\t\t\t<\/div>\n\t\t\t\t<\/div>\n\t\t\t\t<div class=\"elementor-element elementor-element-5012e3b elementor-widget elementor-widget-heading\" data-id=\"5012e3b\" data-element_type=\"widget\" data-e-type=\"widget\" data-widget_type=\"heading.default\">\n\t\t\t\t<div class=\"elementor-widget-container\">\n\t\t\t\t\t<h2 class=\"elementor-heading-title elementor-size-default\">Alle G\u00e4ste sind verpflichtet, die Regeln des Zusammenlebens sowie die spezifischen Regeln der einzelnen Bereiche (W\u00e4scherei und Toiletten) zu beachten. Der vollst\u00e4ndige Text der Gesch\u00e4ftsordnung ist an der Rezeption erh\u00e4ltlich.<\/h2>\t\t\t\t<\/div>\n\t\t\t\t<\/div>\n\t\t\t\t<div class=\"elementor-element elementor-element-972e067 elementor-widget elementor-widget-button\" data-id=\"972e067\" data-element_type=\"widget\" data-e-type=\"widget\" data-widget_type=\"button.default\">\n\t\t\t\t<div class=\"elementor-widget-container\">\n\t\t\t\t\t\t\t\t\t<div class=\"elementor-button-wrapper\">\n\t\t\t\t\t<a class=\"elementor-button elementor-button-link elementor-size-sm\" href=\"\/wp-content\/uploads\/normas-convivencia-camper-aleman_2023.pdf\" target=\"_blank\">\n\t\t\t\t\t\t<span class=\"elementor-button-content-wrapper\">\n\t\t\t\t\t\t<span class=\"elementor-button-icon\">\n\t\t\t\t<i aria-hidden=\"true\" class=\"fas fa-download\"><\/i>\t\t\t<\/span>\n\t\t\t\t\t\t\t\t\t<span class=\"elementor-button-text\">Gesellschaftsregeln<\/span>\n\t\t\t\t\t<\/span>\n\t\t\t\t\t<\/a>\n\t\t\t\t<\/div>\n\t\t\t\t\t\t\t\t<\/div>\n\t\t\t\t<\/div>\n\t\t\t\t\t<\/div>\n\t\t<\/div>\n\t\t\t\t\t<\/div>\n\t\t<\/section>\n\t\t\t\t<section class=\"elementor-section elementor-top-section elementor-element elementor-element-2664b28 elementor-section-content-middle elementor-section-boxed elementor-section-height-default elementor-section-height-default\" data-id=\"2664b28\" data-element_type=\"section\" data-e-type=\"section\">\n\t\t\t\t\t\t<div class=\"elementor-container elementor-column-gap-default\">\n\t\t\t\t\t<div class=\"elementor-column elementor-col-50 elementor-top-column elementor-element elementor-element-3945da3 elementor-invisible\" data-id=\"3945da3\" data-element_type=\"column\" data-e-type=\"column\" data-settings=\"{&quot;animation&quot;:&quot;fadeInLeft&quot;}\">\n\t\t\t<div class=\"elementor-widget-wrap elementor-element-populated\">\n\t\t\t\t\t\t<div class=\"elementor-element elementor-element-8c043d2 elementor-widget elementor-widget-heading\" data-id=\"8c043d2\" data-element_type=\"widget\" data-e-type=\"widget\" data-widget_type=\"heading.default\">\n\t\t\t\t<div class=\"elementor-widget-container\">\n\t\t\t\t\t<p class=\"elementor-heading-title elementor-size-default\">Stellplatzplan<\/p>\t\t\t\t<\/div>\n\t\t\t\t<\/div>\n\t\t\t\t<div class=\"elementor-element elementor-element-8b3e1ec elementor-widget elementor-widget-image\" data-id=\"8b3e1ec\" data-element_type=\"widget\" data-e-type=\"widget\" data-widget_type=\"image.default\">\n\t\t\t\t<div class=\"elementor-widget-container\">\n\t\t\t\t\t\t\t\t\t\t\t\t\t\t\t\t<a href=\"\/wp-content\/uploads\/planoserviciosaleman2022.jpg\" data-elementor-open-lightbox=\"yes\" data-elementor-lightbox-title=\"planoserviciosespannol2022\" data-elementor-lightbox-description=\"planoserviciosespannol2022\" data-e-action-hash=\"#elementor-action%3Aaction%3Dlightbox%26settings%3DeyJpZCI6NTA5LCJ1cmwiOiJodHRwczpcL1wvd3d3LnBhcmFpc29jYW1wZXIuY29tXC93cC1jb250ZW50XC91cGxvYWRzXC9wbGFub3NlcnZpY2lvc2VzcGFubm9sMjAyMi5qcGcifQ%3D%3D\">\n\t\t\t\t\t\t\t<img loading=\"lazy\" decoding=\"async\" width=\"1201\" height=\"850\" src=\"\/wp-content\/uploads\/planoserviciosaleman2022.jpg\" class=\"attachment-full size-full wp-image-509\" alt=\"planoserviciosespannol2022\" srcset=\"\" sizes=\"(max-width: 1201px) 100vw, 1201px\" data-srcset=\"\" \/>\t\t\t\t\t\t\t\t<\/a>\n\t\t\t\t\t\t\t\t\t\t\t\t\t\t\t<\/div>\n\t\t\t\t<\/div>\n\t\t\t\t<div class=\"elementor-element elementor-element-f26de98 elementor-align-center elementor-widget elementor-widget-button\" data-id=\"f26de98\" data-element_type=\"widget\" data-e-type=\"widget\" data-widget_type=\"button.default\">\n\t\t\t\t<div class=\"elementor-widget-container\">\n\t\t\t\t\t\t\t\t\t<div class=\"elementor-button-wrapper\">\n\t\t\t\t\t<a class=\"elementor-button elementor-button-link elementor-size-sm\" href=\"\/wp-content\/uploads\/planoserviciosespannol2022.jpg\" target=\"_blank\">\n\t\t\t\t\t\t<span class=\"elementor-button-content-wrapper\">\n\t\t\t\t\t\t<span class=\"elementor-button-icon\">\n\t\t\t\t<i aria-hidden=\"true\" class=\"fas fa-download\"><\/i>\t\t\t<\/span>\n\t\t\t\t\t\t\t\t\t<span class=\"elementor-button-text\">Ansicht Stellplatzplan<\/span>\n\t\t\t\t\t<\/span>\n\t\t\t\t\t<\/a>\n\t\t\t\t<\/div>\n\t\t\t\t\t\t\t\t<\/div>\n\t\t\t\t<\/div>\n\t\t\t\t\t<\/div>\n\t\t<\/div>\n\t\t\t\t<div class=\"elementor-column elementor-col-50 elementor-top-column elementor-element elementor-element-13099a1\" data-id=\"13099a1\" data-element_type=\"column\" data-e-type=\"column\">\n\t\t\t<div class=\"elementor-widget-wrap elementor-element-populated\">\n\t\t\t\t\t\t<div class=\"elementor-element elementor-element-715ff2b elementor-invisible elementor-widget elementor-widget-image\" data-id=\"715ff2b\" data-element_type=\"widget\" data-e-type=\"widget\" data-settings=\"{&quot;_animation&quot;:&quot;fadeIn&quot;,&quot;_animation_delay&quot;:200}\" data-widget_type=\"image.default\">\n\t\t\t\t<div class=\"elementor-widget-container\">\n\t\t\t\t\t\t\t\t\t\t\t\t\t\t\t<img loading=\"lazy\" decoding=\"async\" width=\"1290\" height=\"860\" src=\"https:\/\/www.paraisocamper.com\/wp-content\/uploads\/paraiso-camper_vista-sur-1.jpg\" class=\"attachment-full size-full wp-image-480\" alt=\"paraiso camper vista sur 1\" srcset=\"https:\/\/www.paraisocamper.com\/wp-content\/uploads\/paraiso-camper_vista-sur-1.jpg 1290w, https:\/\/www.paraisocamper.com\/wp-content\/uploads\/paraiso-camper_vista-sur-1-300x200.jpg 300w, https:\/\/www.paraisocamper.com\/wp-content\/uploads\/paraiso-camper_vista-sur-1-1024x683.jpg 1024w, https:\/\/www.paraisocamper.com\/wp-content\/uploads\/paraiso-camper_vista-sur-1-768x512.jpg 768w\" sizes=\"(max-width: 1290px) 100vw, 1290px\" \/>\t\t\t\t\t\t\t\t\t\t\t\t\t\t\t<\/div>\n\t\t\t\t<\/div>\n\t\t\t\t\t<\/div>\n\t\t<\/div>\n\t\t\t\t\t<\/div>\n\t\t<\/section>\n\t\t\t\t<section class=\"elementor-section elementor-top-section elementor-element elementor-element-32a2c4e0 elementor-section-boxed elementor-section-height-default elementor-section-height-default\" data-id=\"32a2c4e0\" data-element_type=\"section\" data-e-type=\"section\">\n\t\t\t\t\t\t<div class=\"elementor-container elementor-column-gap-default\">\n\t\t\t\t\t<div class=\"elementor-column elementor-col-100 elementor-top-column elementor-element elementor-element-1abd9a34\" data-id=\"1abd9a34\" data-element_type=\"column\" data-e-type=\"column\">\n\t\t\t<div class=\"elementor-widget-wrap elementor-element-populated\">\n\t\t\t\t\t\t<div class=\"elementor-element elementor-element-f08f4e1 elementor-widget elementor-widget-heading\" data-id=\"f08f4e1\" data-element_type=\"widget\" data-e-type=\"widget\" data-widget_type=\"heading.default\">\n\t\t\t\t<div class=\"elementor-widget-container\">\n\t\t\t\t\t<p class=\"elementor-heading-title elementor-size-default\">Unsere Einrichtungen<\/p>\t\t\t\t<\/div>\n\t\t\t\t<\/div>\n\t\t\t\t<div class=\"elementor-element elementor-element-ca4418b elementor-skin-carousel elementor-arrows-yes elementor-pagination-type-bullets elementor-pagination-position-outside elementor-widget elementor-widget-media-carousel\" data-id=\"ca4418b\" data-element_type=\"widget\" data-e-type=\"widget\" data-settings=\"{&quot;slides_per_view&quot;:&quot;4&quot;,&quot;skin&quot;:&quot;carousel&quot;,&quot;effect&quot;:&quot;slide&quot;,&quot;show_arrows&quot;:&quot;yes&quot;,&quot;pagination&quot;:&quot;bullets&quot;,&quot;speed&quot;:500,&quot;autoplay&quot;:&quot;yes&quot;,&quot;autoplay_speed&quot;:5000,&quot;loop&quot;:&quot;yes&quot;,&quot;pause_on_hover&quot;:&quot;yes&quot;,&quot;pause_on_interaction&quot;:&quot;yes&quot;,&quot;space_between&quot;:{&quot;unit&quot;:&quot;px&quot;,&quot;size&quot;:10,&quot;sizes&quot;:[]},&quot;space_between_tablet&quot;:{&quot;unit&quot;:&quot;px&quot;,&quot;size&quot;:10,&quot;sizes&quot;:[]},&quot;space_between_mobile&quot;:{&quot;unit&quot;:&quot;px&quot;,&quot;size&quot;:10,&quot;sizes&quot;:[]}}\" data-widget_type=\"media-carousel.default\">\n\t\t\t\t<div class=\"elementor-widget-container\">\n\t\t\t\t\t\t\t\t\t<div class=\"elementor-swiper\">\n\t\t\t\t\t<div class=\"elementor-main-swiper swiper\" role=\"region\" aria-roledescription=\"carousel\" aria-label=\"Dia&#039;s\" data-no-translation-aria-label=\"\">\n\t\t\t\t<div class=\"swiper-wrapper\">\n\t\t\t\t\t\t\t\t\t\t\t<div class=\"swiper-slide\" role=\"group\" aria-roledescription=\"slide\">\n\t\t\t\t\t\t\t<a href=\"https:\/\/www.paraisocamper.com\/wp-content\/uploads\/01-paraisocamper-principal2022web.jpg\" data-elementor-open-lightbox=\"yes\" data-elementor-lightbox-slideshow=\"ca4418b\" data-elementor-lightbox-title=\"01 paraisocamper principal2022web\" data-elementor-lightbox-description=\"01 paraisocamper principal2022web\" data-e-action-hash=\"#elementor-action%3Aaction%3Dlightbox%26settings%3DeyJpZCI6NTE1LCJ1cmwiOiJodHRwczpcL1wvd3d3LnBhcmFpc29jYW1wZXIuY29tXC93cC1jb250ZW50XC91cGxvYWRzXC8wMS1wYXJhaXNvY2FtcGVyLXByaW5jaXBhbDIwMjJ3ZWIuanBnIiwic2xpZGVzaG93IjoiY2E0NDE4YiJ9\">\t\t<div class=\"elementor-carousel-image\" role=\"img\" aria-label=\"01 paraisocamper principal2022web\" style=\"background-image: url(&#039;https:\/\/www.paraisocamper.com\/wp-content\/uploads\/01-paraisocamper-principal2022web.jpg&#039;)\">\n\n\t\t\t\n\t\t\t\t\t<\/div>\n\t\t<\/a>\t\t\t\t\t\t<\/div>\n\t\t\t\t\t\t\t\t\t\t\t<div class=\"swiper-slide\" role=\"group\" aria-roledescription=\"slide\">\n\t\t\t\t\t\t\t<a href=\"https:\/\/www.paraisocamper.com\/wp-content\/uploads\/paraiso-camper_relax-al-sol.jpg\" data-elementor-open-lightbox=\"yes\" data-elementor-lightbox-slideshow=\"ca4418b\" data-elementor-lightbox-title=\"paraiso camper relax al sol\" data-elementor-lightbox-description=\"paraiso camper relax al sol\" data-e-action-hash=\"#elementor-action%3Aaction%3Dlightbox%26settings%3DeyJpZCI6Mzc0LCJ1cmwiOiJodHRwczpcL1wvd3d3LnBhcmFpc29jYW1wZXIuY29tXC93cC1jb250ZW50XC91cGxvYWRzXC9wYXJhaXNvLWNhbXBlcl9yZWxheC1hbC1zb2wuanBnIiwic2xpZGVzaG93IjoiY2E0NDE4YiJ9\">\t\t<div class=\"elementor-carousel-image\" role=\"img\" aria-label=\"paraiso camper relax al sol\" style=\"background-image: url(&#039;https:\/\/www.paraisocamper.com\/wp-content\/uploads\/paraiso-camper_relax-al-sol.jpg&#039;)\">\n\n\t\t\t\n\t\t\t\t\t<\/div>\n\t\t<\/a>\t\t\t\t\t\t<\/div>\n\t\t\t\t\t\t\t\t\t\t\t<div class=\"swiper-slide\" role=\"group\" aria-roledescription=\"slide\">\n\t\t\t\t\t\t\t<a href=\"https:\/\/www.paraisocamper.com\/wp-content\/uploads\/paraisocamper-amistad.jpg\" data-elementor-open-lightbox=\"yes\" data-elementor-lightbox-slideshow=\"ca4418b\" data-elementor-lightbox-title=\"paraisocamper amistad\" data-elementor-lightbox-description=\"paraisocamper amistad\" data-e-action-hash=\"#elementor-action%3Aaction%3Dlightbox%26settings%3DeyJpZCI6NTE2LCJ1cmwiOiJodHRwczpcL1wvd3d3LnBhcmFpc29jYW1wZXIuY29tXC93cC1jb250ZW50XC91cGxvYWRzXC9wYXJhaXNvY2FtcGVyLWFtaXN0YWQuanBnIiwic2xpZGVzaG93IjoiY2E0NDE4YiJ9\">\t\t<div class=\"elementor-carousel-image\" role=\"img\" aria-label=\"paraisocamper amistad\" style=\"background-image: url(&#039;https:\/\/www.paraisocamper.com\/wp-content\/uploads\/paraisocamper-amistad.jpg&#039;)\">\n\n\t\t\t\n\t\t\t\t\t<\/div>\n\t\t<\/a>\t\t\t\t\t\t<\/div>\n\t\t\t\t\t\t\t\t\t\t\t<div class=\"swiper-slide\" role=\"group\" aria-roledescription=\"slide\">\n\t\t\t\t\t\t\t<a href=\"https:\/\/www.paraisocamper.com\/wp-content\/uploads\/paraiso-camper-aseos-1.jpg\" data-elementor-open-lightbox=\"yes\" data-elementor-lightbox-slideshow=\"ca4418b\" data-elementor-lightbox-title=\"paraiso camper aseos 1\" data-elementor-lightbox-description=\"paraiso camper aseos 1\" data-e-action-hash=\"#elementor-action%3Aaction%3Dlightbox%26settings%3DeyJpZCI6NDQ3LCJ1cmwiOiJodHRwczpcL1wvd3d3LnBhcmFpc29jYW1wZXIuY29tXC93cC1jb250ZW50XC91cGxvYWRzXC9wYXJhaXNvLWNhbXBlci1hc2Vvcy0xLmpwZyIsInNsaWRlc2hvdyI6ImNhNDQxOGIifQ%3D%3D\">\t\t<div class=\"elementor-carousel-image\" role=\"img\" aria-label=\"paraiso camper aseos 1\" style=\"background-image: url(&#039;https:\/\/www.paraisocamper.com\/wp-content\/uploads\/paraiso-camper-aseos-1.jpg&#039;)\">\n\n\t\t\t\n\t\t\t\t\t<\/div>\n\t\t<\/a>\t\t\t\t\t\t<\/div>\n\t\t\t\t\t\t\t\t\t\t\t<div class=\"swiper-slide\" role=\"group\" aria-roledescription=\"slide\">\n\t\t\t\t\t\t\t<a href=\"https:\/\/www.paraisocamper.com\/wp-content\/uploads\/paraisocamper-entradaprincipal.jpg\" data-elementor-open-lightbox=\"yes\" data-elementor-lightbox-slideshow=\"ca4418b\" data-elementor-lightbox-title=\"paraisocamper entradaprincipal\" data-elementor-lightbox-description=\"paraisocamper entradaprincipal\" data-e-action-hash=\"#elementor-action%3Aaction%3Dlightbox%26settings%3DeyJpZCI6NTE3LCJ1cmwiOiJodHRwczpcL1wvd3d3LnBhcmFpc29jYW1wZXIuY29tXC93cC1jb250ZW50XC91cGxvYWRzXC9wYXJhaXNvY2FtcGVyLWVudHJhZGFwcmluY2lwYWwuanBnIiwic2xpZGVzaG93IjoiY2E0NDE4YiJ9\">\t\t<div class=\"elementor-carousel-image\" role=\"img\" aria-label=\"paraisocamper entradaprincipal\" style=\"background-image: url(&#039;https:\/\/www.paraisocamper.com\/wp-content\/uploads\/paraisocamper-entradaprincipal.jpg&#039;)\">\n\n\t\t\t\n\t\t\t\t\t<\/div>\n\t\t<\/a>\t\t\t\t\t\t<\/div>\n\t\t\t\t\t\t\t\t\t\t\t<div class=\"swiper-slide\" role=\"group\" aria-roledescription=\"slide\">\n\t\t\t\t\t\t\t<a href=\"https:\/\/www.paraisocamper.com\/wp-content\/uploads\/paraiso-camper_fregaderos-exterior.jpg\" data-elementor-open-lightbox=\"yes\" data-elementor-lightbox-slideshow=\"ca4418b\" data-elementor-lightbox-title=\"paraiso camper fregaderos exterior\" data-elementor-lightbox-description=\"paraiso camper fregaderos exterior\" data-e-action-hash=\"#elementor-action%3Aaction%3Dlightbox%26settings%3DeyJpZCI6NDQ1LCJ1cmwiOiJodHRwczpcL1wvd3d3LnBhcmFpc29jYW1wZXIuY29tXC93cC1jb250ZW50XC91cGxvYWRzXC9wYXJhaXNvLWNhbXBlcl9mcmVnYWRlcm9zLWV4dGVyaW9yLmpwZyIsInNsaWRlc2hvdyI6ImNhNDQxOGIifQ%3D%3D\">\t\t<div class=\"elementor-carousel-image\" role=\"img\" aria-label=\"paraiso camper fregaderos exterior\" style=\"background-image: url(&#039;https:\/\/www.paraisocamper.com\/wp-content\/uploads\/paraiso-camper_fregaderos-exterior.jpg&#039;)\">\n\n\t\t\t\n\t\t\t\t\t<\/div>\n\t\t<\/a>\t\t\t\t\t\t<\/div>\n\t\t\t\t\t\t\t\t\t\t\t<div class=\"swiper-slide\" role=\"group\" aria-roledescription=\"slide\">\n\t\t\t\t\t\t\t<a href=\"https:\/\/www.paraisocamper.com\/wp-content\/uploads\/paraisocamper-mascotas.jpg\" data-elementor-open-lightbox=\"yes\" data-elementor-lightbox-slideshow=\"ca4418b\" data-elementor-lightbox-title=\"paraisocamper mascotas\" data-elementor-lightbox-description=\"paraisocamper mascotas\" data-e-action-hash=\"#elementor-action%3Aaction%3Dlightbox%26settings%3DeyJpZCI6NTE4LCJ1cmwiOiJodHRwczpcL1wvd3d3LnBhcmFpc29jYW1wZXIuY29tXC93cC1jb250ZW50XC91cGxvYWRzXC9wYXJhaXNvY2FtcGVyLW1hc2NvdGFzLmpwZyIsInNsaWRlc2hvdyI6ImNhNDQxOGIifQ%3D%3D\">\t\t<div class=\"elementor-carousel-image\" role=\"img\" aria-label=\"paraisocamper mascotas\" style=\"background-image: url(&#039;https:\/\/www.paraisocamper.com\/wp-content\/uploads\/paraisocamper-mascotas.jpg&#039;)\">\n\n\t\t\t\n\t\t\t\t\t<\/div>\n\t\t<\/a>\t\t\t\t\t\t<\/div>\n\t\t\t\t\t\t\t\t\t\t\t<div class=\"swiper-slide\" role=\"group\" aria-roledescription=\"slide\">\n\t\t\t\t\t\t\t<a href=\"https:\/\/www.paraisocamper.com\/wp-content\/uploads\/paraiso-camper_nuestra-area.jpg\" data-elementor-open-lightbox=\"yes\" data-elementor-lightbox-slideshow=\"ca4418b\" data-elementor-lightbox-title=\"paraiso camper nuestra area\" data-elementor-lightbox-description=\"paraiso camper nuestra area\" data-e-action-hash=\"#elementor-action%3Aaction%3Dlightbox%26settings%3DeyJpZCI6MjUyLCJ1cmwiOiJodHRwczpcL1wvd3d3LnBhcmFpc29jYW1wZXIuY29tXC93cC1jb250ZW50XC91cGxvYWRzXC9wYXJhaXNvLWNhbXBlcl9udWVzdHJhLWFyZWEuanBnIiwic2xpZGVzaG93IjoiY2E0NDE4YiJ9\">\t\t<div class=\"elementor-carousel-image\" role=\"img\" aria-label=\"paraiso camper nuestra area\" style=\"background-image: url(&#039;https:\/\/www.paraisocamper.com\/wp-content\/uploads\/paraiso-camper_nuestra-area.jpg&#039;)\">\n\n\t\t\t\n\t\t\t\t\t<\/div>\n\t\t<\/a>\t\t\t\t\t\t<\/div>\n\t\t\t\t\t\t\t\t\t\t\t<div class=\"swiper-slide\" role=\"group\" aria-roledescription=\"slide\">\n\t\t\t\t\t\t\t<a href=\"https:\/\/www.paraisocamper.com\/wp-content\/uploads\/paraisocamper-parcelasyvistas.jpg\" data-elementor-open-lightbox=\"yes\" data-elementor-lightbox-slideshow=\"ca4418b\" data-elementor-lightbox-title=\"paraisocamper parcelasyvistas\" data-elementor-lightbox-description=\"paraisocamper parcelasyvistas\" data-e-action-hash=\"#elementor-action%3Aaction%3Dlightbox%26settings%3DeyJpZCI6NTE5LCJ1cmwiOiJodHRwczpcL1wvd3d3LnBhcmFpc29jYW1wZXIuY29tXC93cC1jb250ZW50XC91cGxvYWRzXC9wYXJhaXNvY2FtcGVyLXBhcmNlbGFzeXZpc3Rhcy5qcGciLCJzbGlkZXNob3ciOiJjYTQ0MThiIn0%3D\">\t\t<div class=\"elementor-carousel-image\" role=\"img\" aria-label=\"paraisocamper parcelasyvistas\" style=\"background-image: url(&#039;https:\/\/www.paraisocamper.com\/wp-content\/uploads\/paraisocamper-parcelasyvistas.jpg&#039;)\">\n\n\t\t\t\n\t\t\t\t\t<\/div>\n\t\t<\/a>\t\t\t\t\t\t<\/div>\n\t\t\t\t\t\t\t\t\t\t\t<div class=\"swiper-slide\" role=\"group\" aria-roledescription=\"slide\">\n\t\t\t\t\t\t\t<a href=\"https:\/\/www.paraisocamper.com\/wp-content\/uploads\/paraiso_camper_vaciado_wc_quimico-1.jpg\" data-elementor-open-lightbox=\"yes\" data-elementor-lightbox-slideshow=\"ca4418b\" data-elementor-lightbox-title=\"paraiso camper vaciado wc quimico 1\" data-elementor-lightbox-description=\"paraiso camper vaciado wc quimico 1\" data-e-action-hash=\"#elementor-action%3Aaction%3Dlightbox%26settings%3DeyJpZCI6NDQ0LCJ1cmwiOiJodHRwczpcL1wvd3d3LnBhcmFpc29jYW1wZXIuY29tXC93cC1jb250ZW50XC91cGxvYWRzXC9wYXJhaXNvX2NhbXBlcl92YWNpYWRvX3djX3F1aW1pY28tMS5qcGciLCJzbGlkZXNob3ciOiJjYTQ0MThiIn0%3D\">\t\t<div class=\"elementor-carousel-image\" role=\"img\" aria-label=\"paraiso camper vaciado wc quimico 1\" style=\"background-image: url(&#039;https:\/\/www.paraisocamper.com\/wp-content\/uploads\/paraiso_camper_vaciado_wc_quimico-1.jpg&#039;)\">\n\n\t\t\t\n\t\t\t\t\t<\/div>\n\t\t<\/a>\t\t\t\t\t\t<\/div>\n\t\t\t\t\t\t\t\t\t\t\t<div class=\"swiper-slide\" role=\"group\" aria-roledescription=\"slide\">\n\t\t\t\t\t\t\t<a href=\"https:\/\/www.paraisocamper.com\/wp-content\/uploads\/vaciado-wc-camper.jpg\" data-elementor-open-lightbox=\"yes\" data-elementor-lightbox-slideshow=\"ca4418b\" data-elementor-lightbox-title=\"vaciado wc camper\" data-elementor-lightbox-description=\"vaciado wc camper\" data-e-action-hash=\"#elementor-action%3Aaction%3Dlightbox%26settings%3DeyJpZCI6MTY2NywidXJsIjoiaHR0cHM6XC9cL3d3dy5wYXJhaXNvY2FtcGVyLmNvbVwvd3AtY29udGVudFwvdXBsb2Fkc1wvdmFjaWFkby13Yy1jYW1wZXIuanBnIiwic2xpZGVzaG93IjoiY2E0NDE4YiJ9\">\t\t<div class=\"elementor-carousel-image\" role=\"img\" aria-label=\"vaciado wc camper\" style=\"background-image: url(&#039;https:\/\/www.paraisocamper.com\/wp-content\/uploads\/vaciado-wc-camper.jpg&#039;)\">\n\n\t\t\t\n\t\t\t\t\t<\/div>\n\t\t<\/a>\t\t\t\t\t\t<\/div>\n\t\t\t\t\t\t\t\t\t\t\t<div class=\"swiper-slide\" role=\"group\" aria-roledescription=\"slide\">\n\t\t\t\t\t\t\t<a href=\"https:\/\/www.paraisocamper.com\/wp-content\/uploads\/paraisocamper-vistasdesdeparcelas.jpg\" data-elementor-open-lightbox=\"yes\" data-elementor-lightbox-slideshow=\"ca4418b\" data-elementor-lightbox-title=\"paraisocamper vistasdesdeparcelas\" data-elementor-lightbox-description=\"paraisocamper vistasdesdeparcelas\" data-e-action-hash=\"#elementor-action%3Aaction%3Dlightbox%26settings%3DeyJpZCI6NTIxLCJ1cmwiOiJodHRwczpcL1wvd3d3LnBhcmFpc29jYW1wZXIuY29tXC93cC1jb250ZW50XC91cGxvYWRzXC9wYXJhaXNvY2FtcGVyLXZpc3Rhc2Rlc2RlcGFyY2VsYXMuanBnIiwic2xpZGVzaG93IjoiY2E0NDE4YiJ9\">\t\t<div class=\"elementor-carousel-image\" role=\"img\" aria-label=\"paraisocamper vistasdesdeparcelas\" style=\"background-image: url(&#039;https:\/\/www.paraisocamper.com\/wp-content\/uploads\/paraisocamper-vistasdesdeparcelas.jpg&#039;)\">\n\n\t\t\t\n\t\t\t\t\t<\/div>\n\t\t<\/a>\t\t\t\t\t\t<\/div>\n\t\t\t\t\t\t\t\t\t\t\t<div class=\"swiper-slide\" role=\"group\" aria-roledescription=\"slide\">\n\t\t\t\t\t\t\t<a href=\"https:\/\/www.paraisocamper.com\/wp-content\/uploads\/paraisocamper-vistasnoroeste.jpg\" data-elementor-open-lightbox=\"yes\" data-elementor-lightbox-slideshow=\"ca4418b\" data-elementor-lightbox-title=\"paraisocamper vistasnoroeste\" data-elementor-lightbox-description=\"paraisocamper vistasnoroeste\" data-e-action-hash=\"#elementor-action%3Aaction%3Dlightbox%26settings%3DeyJpZCI6NTIyLCJ1cmwiOiJodHRwczpcL1wvd3d3LnBhcmFpc29jYW1wZXIuY29tXC93cC1jb250ZW50XC91cGxvYWRzXC9wYXJhaXNvY2FtcGVyLXZpc3Rhc25vcm9lc3RlLmpwZyIsInNsaWRlc2hvdyI6ImNhNDQxOGIifQ%3D%3D\">\t\t<div class=\"elementor-carousel-image\" role=\"img\" aria-label=\"paraisocamper vistasnoroeste\" style=\"background-image: url(&#039;https:\/\/www.paraisocamper.com\/wp-content\/uploads\/paraisocamper-vistasnoroeste.jpg&#039;)\">\n\n\t\t\t\n\t\t\t\t\t<\/div>\n\t\t<\/a>\t\t\t\t\t\t<\/div>\n\t\t\t\t\t\t\t\t\t\t\t<div class=\"swiper-slide\" role=\"group\" aria-roledescription=\"slide\">\n\t\t\t\t\t\t\t<a href=\"https:\/\/www.paraisocamper.com\/wp-content\/uploads\/paraisocamper-vistasnorte.jpg\" data-elementor-open-lightbox=\"yes\" data-elementor-lightbox-slideshow=\"ca4418b\" data-elementor-lightbox-title=\"paraisocamper vistasnorte\" data-elementor-lightbox-description=\"paraisocamper vistasnorte\" data-e-action-hash=\"#elementor-action%3Aaction%3Dlightbox%26settings%3DeyJpZCI6NTIzLCJ1cmwiOiJodHRwczpcL1wvd3d3LnBhcmFpc29jYW1wZXIuY29tXC93cC1jb250ZW50XC91cGxvYWRzXC9wYXJhaXNvY2FtcGVyLXZpc3Rhc25vcnRlLmpwZyIsInNsaWRlc2hvdyI6ImNhNDQxOGIifQ%3D%3D\">\t\t<div class=\"elementor-carousel-image\" role=\"img\" aria-label=\"paraisocamper vistasnorte\" style=\"background-image: url(&#039;https:\/\/www.paraisocamper.com\/wp-content\/uploads\/paraisocamper-vistasnorte.jpg&#039;)\">\n\n\t\t\t\n\t\t\t\t\t<\/div>\n\t\t<\/a>\t\t\t\t\t\t<\/div>\n\t\t\t\t\t\t\t\t\t\t\t<div class=\"swiper-slide\" role=\"group\" aria-roledescription=\"slide\">\n\t\t\t\t\t\t\t<a href=\"https:\/\/www.paraisocamper.com\/wp-content\/uploads\/paraisocampervistasoeste.jpg\" data-elementor-open-lightbox=\"yes\" data-elementor-lightbox-slideshow=\"ca4418b\" data-elementor-lightbox-title=\"paraisocampervistasoeste\" data-elementor-lightbox-description=\"paraisocampervistasoeste\" data-e-action-hash=\"#elementor-action%3Aaction%3Dlightbox%26settings%3DeyJpZCI6NTI0LCJ1cmwiOiJodHRwczpcL1wvd3d3LnBhcmFpc29jYW1wZXIuY29tXC93cC1jb250ZW50XC91cGxvYWRzXC9wYXJhaXNvY2FtcGVydmlzdGFzb2VzdGUuanBnIiwic2xpZGVzaG93IjoiY2E0NDE4YiJ9\">\t\t<div class=\"elementor-carousel-image\" role=\"img\" aria-label=\"paraisocampervistasoeste\" style=\"background-image: url(&#039;https:\/\/www.paraisocamper.com\/wp-content\/uploads\/paraisocampervistasoeste.jpg&#039;)\">\n\n\t\t\t\n\t\t\t\t\t<\/div>\n\t\t<\/a>\t\t\t\t\t\t<\/div>\n\t\t\t\t\t\t\t\t\t\t\t<div class=\"swiper-slide\" role=\"group\" aria-roledescription=\"slide\">\n\t\t\t\t\t\t\t<a href=\"https:\/\/www.paraisocamper.com\/wp-content\/uploads\/paraisocamper-vistasoestearriba.jpg\" data-elementor-open-lightbox=\"yes\" data-elementor-lightbox-slideshow=\"ca4418b\" data-elementor-lightbox-title=\"paraisocamper vistasoestearriba\" data-elementor-lightbox-description=\"paraisocamper vistasoestearriba\" data-e-action-hash=\"#elementor-action%3Aaction%3Dlightbox%26settings%3DeyJpZCI6NTI1LCJ1cmwiOiJodHRwczpcL1wvd3d3LnBhcmFpc29jYW1wZXIuY29tXC93cC1jb250ZW50XC91cGxvYWRzXC9wYXJhaXNvY2FtcGVyLXZpc3Rhc29lc3RlYXJyaWJhLmpwZyIsInNsaWRlc2hvdyI6ImNhNDQxOGIifQ%3D%3D\">\t\t<div class=\"elementor-carousel-image\" role=\"img\" aria-label=\"paraisocamper vistasoestearriba\" style=\"background-image: url(&#039;https:\/\/www.paraisocamper.com\/wp-content\/uploads\/paraisocamper-vistasoestearriba.jpg&#039;)\">\n\n\t\t\t\n\t\t\t\t\t<\/div>\n\t\t<\/a>\t\t\t\t\t\t<\/div>\n\t\t\t\t\t\t\t\t\t\t\t<div class=\"swiper-slide\" role=\"group\" aria-roledescription=\"slide\">\n\t\t\t\t\t\t\t<a href=\"https:\/\/www.paraisocamper.com\/wp-content\/uploads\/paraisocamper-vistassuroeste.jpg\" data-elementor-open-lightbox=\"yes\" data-elementor-lightbox-slideshow=\"ca4418b\" data-elementor-lightbox-title=\"paraisocamper vistassuroeste\" data-elementor-lightbox-description=\"paraisocamper vistassuroeste\" data-e-action-hash=\"#elementor-action%3Aaction%3Dlightbox%26settings%3DeyJpZCI6NTI2LCJ1cmwiOiJodHRwczpcL1wvd3d3LnBhcmFpc29jYW1wZXIuY29tXC93cC1jb250ZW50XC91cGxvYWRzXC9wYXJhaXNvY2FtcGVyLXZpc3Rhc3N1cm9lc3RlLmpwZyIsInNsaWRlc2hvdyI6ImNhNDQxOGIifQ%3D%3D\">\t\t<div class=\"elementor-carousel-image\" role=\"img\" aria-label=\"paraisocamper vistassuroeste\" style=\"background-image: url(&#039;https:\/\/www.paraisocamper.com\/wp-content\/uploads\/paraisocamper-vistassuroeste.jpg&#039;)\">\n\n\t\t\t\n\t\t\t\t\t<\/div>\n\t\t<\/a>\t\t\t\t\t\t<\/div>\n\t\t\t\t\t\t\t\t\t\t\t<div class=\"swiper-slide\" role=\"group\" aria-roledescription=\"slide\">\n\t\t\t\t\t\t\t<a href=\"https:\/\/www.paraisocamper.com\/wp-content\/uploads\/paraisocamper-vistasur.jpg\" data-elementor-open-lightbox=\"yes\" data-elementor-lightbox-slideshow=\"ca4418b\" data-elementor-lightbox-title=\"paraisocamper vistasur\" data-elementor-lightbox-description=\"paraisocamper vistasur\" data-e-action-hash=\"#elementor-action%3Aaction%3Dlightbox%26settings%3DeyJpZCI6NTI3LCJ1cmwiOiJodHRwczpcL1wvd3d3LnBhcmFpc29jYW1wZXIuY29tXC93cC1jb250ZW50XC91cGxvYWRzXC9wYXJhaXNvY2FtcGVyLXZpc3Rhc3VyLmpwZyIsInNsaWRlc2hvdyI6ImNhNDQxOGIifQ%3D%3D\">\t\t<div class=\"elementor-carousel-image\" role=\"img\" aria-label=\"paraisocamper vistasur\" style=\"background-image: url(&#039;https:\/\/www.paraisocamper.com\/wp-content\/uploads\/paraisocamper-vistasur.jpg&#039;)\">\n\n\t\t\t\n\t\t\t\t\t<\/div>\n\t\t<\/a>\t\t\t\t\t\t<\/div>\n\t\t\t\t\t\t\t\t\t\t\t<div class=\"swiper-slide\" role=\"group\" aria-roledescription=\"slide\">\n\t\t\t\t\t\t\t<a href=\"https:\/\/www.paraisocamper.com\/wp-content\/uploads\/paraiso-camper-lavanderia.jpg\" data-elementor-open-lightbox=\"yes\" data-elementor-lightbox-slideshow=\"ca4418b\" data-elementor-lightbox-title=\"paraiso camper lavanderia\" data-elementor-lightbox-description=\"paraiso camper lavanderia\" data-e-action-hash=\"#elementor-action%3Aaction%3Dlightbox%26settings%3DeyJpZCI6NDUwLCJ1cmwiOiJodHRwczpcL1wvd3d3LnBhcmFpc29jYW1wZXIuY29tXC93cC1jb250ZW50XC91cGxvYWRzXC9wYXJhaXNvLWNhbXBlci1sYXZhbmRlcmlhLmpwZyIsInNsaWRlc2hvdyI6ImNhNDQxOGIifQ%3D%3D\">\t\t<div class=\"elementor-carousel-image\" role=\"img\" aria-label=\"paraiso camper lavanderia\" style=\"background-image: url(&#039;https:\/\/www.paraisocamper.com\/wp-content\/uploads\/paraiso-camper-lavanderia.jpg&#039;)\">\n\n\t\t\t\n\t\t\t\t\t<\/div>\n\t\t<\/a>\t\t\t\t\t\t<\/div>\n\t\t\t\t\t\t\t\t\t<\/div>\n\t\t\t\t\t\t\t\t\t\t\t\t\t\t\t<div class=\"elementor-swiper-button elementor-swiper-button-prev\" role=\"button\" tabindex=\"0\" aria-label=\"Vorige\" data-no-translation-aria-label=\"\">\n\t\t\t\t\t\t\t<i aria-hidden=\"true\" class=\"eicon-chevron-left\"><\/i>\t\t\t\t\t\t<\/div>\n\t\t\t\t\t\t<div class=\"elementor-swiper-button elementor-swiper-button-next\" role=\"button\" tabindex=\"0\" aria-label=\"Volgende\" data-no-translation-aria-label=\"\">\n\t\t\t\t\t\t\t<i aria-hidden=\"true\" class=\"eicon-chevron-right\"><\/i>\t\t\t\t\t\t<\/div>\n\t\t\t\t\t\t\t\t\t\t\t\t\t\t\t\t<div class=\"swiper-pagination\"><\/div>\n\t\t\t\t\t\t\t\t\t\t\t\t<\/div>\n\t\t\t\t<\/div>\n\t\t\t\t\t\t\t\t<\/div>\n\t\t\t\t<\/div>\n\t\t\t\t\t<\/div>\n\t\t<\/div>\n\t\t\t\t\t<\/div>\n\t\t<\/section>\n\t\t\t\t<section class=\"elementor-section elementor-top-section elementor-element elementor-element-53e39646 elementor-section-boxed elementor-section-height-default elementor-section-height-default\" data-id=\"53e39646\" data-element_type=\"section\" data-e-type=\"section\">\n\t\t\t\t\t\t<div class=\"elementor-container elementor-column-gap-default\">\n\t\t\t\t\t<div class=\"elementor-column elementor-col-100 elementor-top-column elementor-element elementor-element-5e2c2b80\" data-id=\"5e2c2b80\" data-element_type=\"column\" data-e-type=\"column\">\n\t\t\t<div class=\"elementor-widget-wrap elementor-element-populated\">\n\t\t\t\t\t\t<section class=\"elementor-section elementor-inner-section elementor-element elementor-element-51923f7a elementor-section-boxed elementor-section-height-default elementor-section-height-default\" data-id=\"51923f7a\" data-element_type=\"section\" data-e-type=\"section\" data-settings=\"{&quot;background_background&quot;:&quot;classic&quot;}\">\n\t\t\t\t\t\t\t<div class=\"elementor-background-overlay\"><\/div>\n\t\t\t\t\t\t\t<div class=\"elementor-container elementor-column-gap-default\">\n\t\t\t\t\t<div class=\"elementor-column elementor-col-100 elementor-inner-column elementor-element elementor-element-11dd33d5 elementor-invisible\" data-id=\"11dd33d5\" data-element_type=\"column\" data-e-type=\"column\" data-settings=\"{&quot;animation&quot;:&quot;fadeIn&quot;,&quot;animation_delay&quot;:200}\">\n\t\t\t<div class=\"elementor-widget-wrap elementor-element-populated\">\n\t\t\t\t\t\t<div class=\"elementor-element elementor-element-49f78985 elementor-widget elementor-widget-heading\" data-id=\"49f78985\" data-element_type=\"widget\" data-e-type=\"widget\" data-widget_type=\"heading.default\">\n\t\t\t\t<div class=\"elementor-widget-container\">\n\t\t\t\t\t<p class=\"elementor-heading-title elementor-size-default\">Kennen Sie Para\u00edso Camper?<\/p>\t\t\t\t<\/div>\n\t\t\t\t<\/div>\n\t\t\t\t<div class=\"elementor-element elementor-element-4d0abfe elementor-widget elementor-widget-heading\" data-id=\"4d0abfe\" data-element_type=\"widget\" data-e-type=\"widget\" data-widget_type=\"heading.default\">\n\t\t\t\t<div class=\"elementor-widget-container\">\n\t\t\t\t\t<h2 class=\"elementor-heading-title elementor-size-default\">Kommen Sie uns besuchen!<\/h2>\t\t\t\t<\/div>\n\t\t\t\t<\/div>\n\t\t\t\t<div class=\"elementor-element elementor-element-494d1b81 elementor-widget elementor-widget-text-editor\" data-id=\"494d1b81\" data-element_type=\"widget\" data-e-type=\"widget\" data-widget_type=\"text-editor.default\">\n\t\t\t\t<div class=\"elementor-widget-container\">\n\t\t\t\t\t\t\t\t\t<p>Wir arbeiten daran, Ihren Aufenthalt unvergesslich zu machen. Genie\u00dfen Sie eine traumhafte Umgebung, ein exklusives Klima und alle Dienstleistungen, die Calpe und seine Umgebung zu bieten haben.<\/p>\t\t\t\t\t\t\t\t<\/div>\n\t\t\t\t<\/div>\n\t\t\t\t<div class=\"elementor-element elementor-element-6bb3a440 elementor-align-center elementor-widget elementor-widget-button\" data-id=\"6bb3a440\" data-element_type=\"widget\" data-e-type=\"widget\" data-widget_type=\"button.default\">\n\t\t\t\t<div class=\"elementor-widget-container\">\n\t\t\t\t\t\t\t\t\t<div class=\"elementor-button-wrapper\">\n\t\t\t\t\t<a class=\"elementor-button elementor-button-link elementor-size-md\" href=\"\/de\/contacto\/\">\n\t\t\t\t\t\t<span class=\"elementor-button-content-wrapper\">\n\t\t\t\t\t\t\t\t\t<span class=\"elementor-button-text\">Kontakt<\/span>\n\t\t\t\t\t<\/span>\n\t\t\t\t\t<\/a>\n\t\t\t\t<\/div>\n\t\t\t\t\t\t\t\t<\/div>\n\t\t\t\t<\/div>\n\t\t\t\t\t<\/div>\n\t\t<\/div>\n\t\t\t\t\t<\/div>\n\t\t<\/section>\n\t\t\t\t\t<\/div>\n\t\t<\/div>\n\t\t\t\t\t<\/div>\n\t\t<\/section>\n\t\t\t\t<\/div>","protected":false},"excerpt":{"rendered":"<p>Un Camper \u00c1rea privilegiado en plena Costa Blanca Camper \u00c1rea Para\u00edso Camper fue inaugurada el 7 de Octubre de 2011 A lo largo de estos a\u00f1os hemos compartido experiencias inolvidables junto a m\u00e1s de 20.000 clientes y amigos. Muchos de los cuales contin\u00faan acompa\u00f1\u00e1ndonos a\u00f1o tras a\u00f1o en esta maravillosa aventura. \u00a1Os esperamos! Caracter\u00edsticas del [&hellip;]<\/p>","protected":false},"author":1,"featured_media":0,"parent":0,"menu_order":0,"comment_status":"closed","ping_status":"closed","template":"elementor_header_footer","meta":{"footnotes":""},"class_list":["post-472","page","type-page","status-publish","hentry"],"yoast_head":"<!-- This site is optimized with the Yoast SEO plugin v27.0 - https:\/\/yoast.com\/product\/yoast-seo-wordpress\/ -->\n<title>Camper \u00c1rea - Para\u00edso Camper<\/title>\n<meta name=\"robots\" content=\"index, follow, max-snippet:-1, max-image-preview:large, max-video-preview:-1\" \/>\n<link rel=\"canonical\" href=\"https:\/\/www.paraisocamper.com\/de\/camper-area\/\" \/>\n<meta property=\"og:locale\" content=\"de_DE\" \/>\n<meta property=\"og:type\" content=\"article\" \/>\n<meta property=\"og:title\" content=\"\u00c1rea para autocaravanas\" \/>\n<meta property=\"og:description\" content=\"Un para\u00edso exclusivamente para autocaravanas y campers\" \/>\n<meta property=\"og:url\" content=\"https:\/\/www.paraisocamper.com\/de\/camper-area\/\" \/>\n<meta property=\"og:site_name\" content=\"Para\u00edso Camper\" \/>\n<meta property=\"article:modified_time\" content=\"2024-11-12T17:54:50+00:00\" \/>\n<meta property=\"og:image\" content=\"https:\/\/www.paraisocamper.com\/wp-content\/uploads\/logo-camper-rrss.png\" \/>\n\t<meta property=\"og:image:width\" content=\"300\" \/>\n\t<meta property=\"og:image:height\" content=\"200\" \/>\n\t<meta property=\"og:image:type\" content=\"image\/png\" \/>\n<meta name=\"twitter:card\" content=\"summary_large_image\" \/>\n<meta name=\"twitter:title\" content=\"\u00c1rea para autocaravanas\" \/>\n<meta name=\"twitter:description\" content=\"Un para\u00edso exclusivamente para autocaravanas y campers\" \/>\n<meta name=\"twitter:image\" content=\"https:\/\/www.paraisocamper.com\/wp-content\/uploads\/logo-camper-rrss.png\" \/>\n<meta name=\"twitter:label1\" content=\"Gesch\u00e4tzte Lesezeit\" \/>\n\t<meta name=\"twitter:data1\" content=\"4\u00a0Minuten\" \/>\n<script type=\"application\/ld+json\" class=\"yoast-schema-graph\">{\"@context\":\"https:\/\/schema.org\",\"@graph\":[{\"@type\":\"WebPage\",\"@id\":\"https:\/\/www.paraisocamper.com\/camper-area\/\",\"url\":\"https:\/\/www.paraisocamper.com\/camper-area\/\",\"name\":\"Camper \u00c1rea - Para\u00edso Camper\",\"isPartOf\":{\"@id\":\"https:\/\/www.paraisocamper.com\/#website\"},\"primaryImageOfPage\":{\"@id\":\"https:\/\/www.paraisocamper.com\/camper-area\/#primaryimage\"},\"image\":{\"@id\":\"https:\/\/www.paraisocamper.com\/camper-area\/#primaryimage\"},\"thumbnailUrl\":\"https:\/\/www.paraisocamper.com\/wp-content\/uploads\/parcelas-paraiso-camper.jpg\",\"datePublished\":\"2023-05-03T12:37:37+00:00\",\"dateModified\":\"2024-11-12T17:54:50+00:00\",\"breadcrumb\":{\"@id\":\"https:\/\/www.paraisocamper.com\/camper-area\/#breadcrumb\"},\"inLanguage\":\"de\",\"potentialAction\":[{\"@type\":\"ReadAction\",\"target\":[\"https:\/\/www.paraisocamper.com\/camper-area\/\"]}]},{\"@type\":\"ImageObject\",\"inLanguage\":\"de\",\"@id\":\"https:\/\/www.paraisocamper.com\/camper-area\/#primaryimage\",\"url\":\"https:\/\/www.paraisocamper.com\/wp-content\/uploads\/parcelas-paraiso-camper.jpg\",\"contentUrl\":\"https:\/\/www.paraisocamper.com\/wp-content\/uploads\/parcelas-paraiso-camper.jpg\"},{\"@type\":\"BreadcrumbList\",\"@id\":\"https:\/\/www.paraisocamper.com\/camper-area\/#breadcrumb\",\"itemListElement\":[{\"@type\":\"ListItem\",\"position\":1,\"name\":\"Portada\",\"item\":\"https:\/\/www.paraisocamper.com\/\"},{\"@type\":\"ListItem\",\"position\":2,\"name\":\"Camper \u00c1rea\"}]},{\"@type\":\"WebSite\",\"@id\":\"https:\/\/www.paraisocamper.com\/#website\",\"url\":\"https:\/\/www.paraisocamper.com\/\",\"name\":\"\u00c1rea para Autocaravanas en Calpe\",\"description\":\"\u00c1REA PARA AUTOCARAVANAS\",\"publisher\":{\"@id\":\"https:\/\/www.paraisocamper.com\/#organization\"},\"potentialAction\":[{\"@type\":\"SearchAction\",\"target\":{\"@type\":\"EntryPoint\",\"urlTemplate\":\"https:\/\/www.paraisocamper.com\/?s={search_term_string}\"},\"query-input\":{\"@type\":\"PropertyValueSpecification\",\"valueRequired\":true,\"valueName\":\"search_term_string\"}}],\"inLanguage\":\"de\"},{\"@type\":\"Organization\",\"@id\":\"https:\/\/www.paraisocamper.com\/#organization\",\"name\":\"\u00c1rea para Autocaravanas en Calpe\",\"url\":\"https:\/\/www.paraisocamper.com\/\",\"logo\":{\"@type\":\"ImageObject\",\"inLanguage\":\"de\",\"@id\":\"https:\/\/www.paraisocamper.com\/#\/schema\/logo\/image\/\",\"url\":\"https:\/\/www.paraisocamper.com\/wp-content\/uploads\/logo-final-camper-300-w.png\",\"contentUrl\":\"https:\/\/www.paraisocamper.com\/wp-content\/uploads\/logo-final-camper-300-w.png\",\"width\":300,\"height\":101,\"caption\":\"\u00c1rea para Autocaravanas en Calpe\"},\"image\":{\"@id\":\"https:\/\/www.paraisocamper.com\/#\/schema\/logo\/image\/\"},\"sameAs\":[\"https:\/\/www.tripadvisor.es\/Hotel_Review-g187526-d8735615-Reviews-Paraiso_Camper-Calpe_Costa_Blanca_Province_of_Alicante_Valencian_Community.html\"]}]}<\/script>\n<!-- \/ Yoast SEO plugin. -->","yoast_head_json":{"title":"Wohnmobilstellplatz \u2013 Para\u00edso Camper","robots":{"index":"index","follow":"follow","max-snippet":"max-snippet:-1","max-image-preview":"max-image-preview:large","max-video-preview":"max-video-preview:-1"},"canonical":"https:\/\/www.paraisocamper.com\/de\/camper-area\/","og_locale":"de_DE","og_type":"article","og_title":"\u00c1rea para autocaravanas","og_description":"Un para\u00edso exclusivamente para autocaravanas y campers","og_url":"https:\/\/www.paraisocamper.com\/de\/camper-area\/","og_site_name":"Para\u00edso Camper","article_modified_time":"2024-11-12T17:54:50+00:00","og_image":[{"width":300,"height":200,"url":"https:\/\/www.paraisocamper.com\/wp-content\/uploads\/logo-camper-rrss.png","type":"image\/png"}],"twitter_card":"summary_large_image","twitter_title":"\u00c1rea para autocaravanas","twitter_description":"Un para\u00edso exclusivamente para autocaravanas y campers","twitter_image":"https:\/\/www.paraisocamper.com\/wp-content\/uploads\/logo-camper-rrss.png","twitter_misc":{"Gesch\u00e4tzte Lesezeit":"4\u00a0Minuten"},"schema":{"@context":"https:\/\/schema.org","@graph":[{"@type":"WebPage","@id":"https:\/\/www.paraisocamper.com\/camper-area\/","url":"https:\/\/www.paraisocamper.com\/camper-area\/","name":"Wohnmobilstellplatz \u2013 Para\u00edso Camper","isPartOf":{"@id":"https:\/\/www.paraisocamper.com\/#website"},"primaryImageOfPage":{"@id":"https:\/\/www.paraisocamper.com\/camper-area\/#primaryimage"},"image":{"@id":"https:\/\/www.paraisocamper.com\/camper-area\/#primaryimage"},"thumbnailUrl":"https:\/\/www.paraisocamper.com\/wp-content\/uploads\/parcelas-paraiso-camper.jpg","datePublished":"2023-05-03T12:37:37+00:00","dateModified":"2024-11-12T17:54:50+00:00","breadcrumb":{"@id":"https:\/\/www.paraisocamper.com\/camper-area\/#breadcrumb"},"inLanguage":"de","potentialAction":[{"@type":"ReadAction","target":["https:\/\/www.paraisocamper.com\/camper-area\/"]}]},{"@type":"ImageObject","inLanguage":"de","@id":"https:\/\/www.paraisocamper.com\/camper-area\/#primaryimage","url":"https:\/\/www.paraisocamper.com\/wp-content\/uploads\/parcelas-paraiso-camper.jpg","contentUrl":"https:\/\/www.paraisocamper.com\/wp-content\/uploads\/parcelas-paraiso-camper.jpg"},{"@type":"BreadcrumbList","@id":"https:\/\/www.paraisocamper.com\/camper-area\/#breadcrumb","itemListElement":[{"@type":"ListItem","position":1,"name":"Portada","item":"https:\/\/www.paraisocamper.com\/"},{"@type":"ListItem","position":2,"name":"Camper \u00c1rea"}]},{"@type":"WebSite","@id":"https:\/\/www.paraisocamper.com\/#website","url":"https:\/\/www.paraisocamper.com\/","name":"\u00c1rea para Autocaravanas en Calpe","description":"\u00c1REA PARA AUTOCARAVANAS","publisher":{"@id":"https:\/\/www.paraisocamper.com\/#organization"},"potentialAction":[{"@type":"SearchAction","target":{"@type":"EntryPoint","urlTemplate":"https:\/\/www.paraisocamper.com\/?s={search_term_string}"},"query-input":{"@type":"PropertyValueSpecification","valueRequired":true,"valueName":"search_term_string"}}],"inLanguage":"de"},{"@type":"Organization","@id":"https:\/\/www.paraisocamper.com\/#organization","name":"\u00c1rea para Autocaravanas en Calpe","url":"https:\/\/www.paraisocamper.com\/","logo":{"@type":"ImageObject","inLanguage":"de","@id":"https:\/\/www.paraisocamper.com\/#\/schema\/logo\/image\/","url":"https:\/\/www.paraisocamper.com\/wp-content\/uploads\/logo-final-camper-300-w.png","contentUrl":"https:\/\/www.paraisocamper.com\/wp-content\/uploads\/logo-final-camper-300-w.png","width":300,"height":101,"caption":"\u00c1rea para Autocaravanas en Calpe"},"image":{"@id":"https:\/\/www.paraisocamper.com\/#\/schema\/logo\/image\/"},"sameAs":["https:\/\/www.tripadvisor.es\/Hotel_Review-g187526-d8735615-Reviews-Paraiso_Camper-Calpe_Costa_Blanca_Province_of_Alicante_Valencian_Community.html"]}]}},"_links":{"self":[{"href":"https:\/\/www.paraisocamper.com\/de\/wp-json\/wp\/v2\/pages\/472","targetHints":{"allow":["GET"]}}],"collection":[{"href":"https:\/\/www.paraisocamper.com\/de\/wp-json\/wp\/v2\/pages"}],"about":[{"href":"https:\/\/www.paraisocamper.com\/de\/wp-json\/wp\/v2\/types\/page"}],"author":[{"embeddable":true,"href":"https:\/\/www.paraisocamper.com\/de\/wp-json\/wp\/v2\/users\/1"}],"replies":[{"embeddable":true,"href":"https:\/\/www.paraisocamper.com\/de\/wp-json\/wp\/v2\/comments?post=472"}],"version-history":[{"count":5,"href":"https:\/\/www.paraisocamper.com\/de\/wp-json\/wp\/v2\/pages\/472\/revisions"}],"predecessor-version":[{"id":3071,"href":"https:\/\/www.paraisocamper.com\/de\/wp-json\/wp\/v2\/pages\/472\/revisions\/3071"}],"wp:attachment":[{"href":"https:\/\/www.paraisocamper.com\/de\/wp-json\/wp\/v2\/media?parent=472"}],"curies":[{"name":"wp","href":"https:\/\/api.w.org\/{rel}","templated":true}]}}